{"id":3,"date":"2023-11-05T13:16:35","date_gmt":"2023-11-05T13:16:35","guid":{"rendered":"https:\/\/www.arben-baukeramik.ch\/?page_id=3"},"modified":"2024-11-29T09:54:28","modified_gmt":"2024-11-29T09:54:28","slug":"privacy-policy","status":"publish","type":"page","link":"https:\/\/www.arben-baukeramik.ch\/?page_id=3","title":{"rendered":"Datenschutz"},"content":{"rendered":"\t\t<div data-elementor-type=\"wp-page\" data-elementor-id=\"3\" class=\"elementor elementor-3\">\n\t\t\t\t\t\t<section class=\"elementor-section elementor-top-section elementor-element elementor-element-69f6da5f elementor-section-boxed elementor-section-height-default elementor-section-height-default\" data-id=\"69f6da5f\" data-element_type=\"section\">\n\t\t\t\t\t\t<div class=\"elementor-container elementor-column-gap-default\">\n\t\t\t\t\t<div class=\"aux-parallax-section elementor-column elementor-col-100 elementor-top-column elementor-element elementor-element-13a96de4\" data-id=\"13a96de4\" data-element_type=\"column\">\n\t\t\t<div class=\"elementor-widget-wrap elementor-element-populated\">\n\t\t\t\t\t\t<div class=\"elementor-element elementor-element-cae88a7 elementor-widget elementor-widget-text-editor\" data-id=\"cae88a7\" data-element_type=\"widget\" data-widget_type=\"text-editor.default\">\n\t\t\t\t<div class=\"elementor-widget-container\">\n\t\t\t\t\t\t\t<p>Im Folgenden informieren wir \u00fcber die Erhebung personenbezogener Daten bei Nutzung der Webseite www.arben-baukeramik.ch einschliesslich etwaiger L\u00e4nderversionen und Subdomains (nachfolgend \u201eWebseite\u201c).<\/p><h6 class=\"wp-block-heading\"><strong>Identit\u00e4t des Verantwortlichen<\/strong><\/h6><p>Arben Baukeramik GmbH, P\u00fcntenweg 2, 8181 H\u00f6ri<\/p><p>info@arben-baukeramik.ch<\/p><h6><strong>Erhebung personenbezogener Daten<\/strong><\/h6><p>Bei der bloss informatorischen Nutzung der Webseite, also wenn du dich nicht zur Nutzung der Webseite anmeldest oder uns sonst Informationen \u00fcbermittelst, erheben wir keine personenbezogenen Daten, mit Ausnahme der Daten, die dein Browser \u00fcbermittelt, um deinen den Besuch der Webseite zu erm\u00f6glichen (namentlich IP-Adresse, Browser, jeweils \u00fcbertragene Datenmenge, etc.).<\/p><h6><strong>Verarbeitungszwecke und Rechtsgrundlage<\/strong><\/h6><p>Wir verarbeiten Personendaten im Zusammenhang mit der Bereitstellung unserer Dienstleistungen f\u00fcr dich sowie f\u00fcr die Kommunikation mit dir, der Pflege unserer Kontaktliste und\/oder der Bereitstellung anderer Informationen, die du von uns anfordern kannst. Die Verarbeitung deiner Daten ist zur Wahrung unserer berechtigten Interessen erforderlich.<\/p><p>Soweit du uns eine Einwilligung zur Bearbeitung deiner Personaldaten f\u00fcr bestimmte Zwecke erteilt hast, bearbeiten wir deine Personendaten im Rahmen und gest\u00fctzt auf diese Einwilligung, soweit wir keine andere Rechtsgrundlage haben und keine solche ben\u00f6tigen. Eine erteilte Einwilligung kann jederzeit widerrufen werden, was jedoch keine Auswirkung auf bereits erfolgte Datenbearbeitungen hat.<\/p><h6><strong>Datenherkunft<\/strong><\/h6><p>Wir erfassen nur pers\u00f6nliche Daten, die du uns bei der Kommunikation mit uns zur Verf\u00fcgung stellst (wie Name, E-Mail- und Postadresse, Telefonnummer).<\/p><h6><strong>Empf\u00e4nger<\/strong><\/h6><p>Wir geben im Rahmen unserer gesch\u00e4ftlichen Aktivit\u00e4ten und Zwecke, soweit erlaubt, Personendaten auch Dritten bekannt. Dabei geht es insbesondere um folgende Datenempf\u00e4nger:<\/p><p>\u2013 Dritte im Rahmen der Erf\u00fcllung von rechtlichen oder vertraglichen Verpflichtungen.<\/p><p>Diese Empf\u00e4nger sind teilweise in der Schweiz, k\u00f6nnen aber auch im Ausland sein. Du musst insbesondere mit der \u00dcbermittlung deiner Daten in alle L\u00e4nder rechnen, wo sich die von uns benutzten Dienstleister befinden. Wenn wir Daten in ein Land ohne angemessenen gesetzlichen Datenschutz \u00fcbermitteln, sorgen wir wie gesetzlich vorgesehen mittels Einsatz von entsprechenden Vertr\u00e4gen f\u00fcr ein angemessenes Schutzniveau oder st\u00fctzen uns auf die gesetzlichen Ausnahmentatbest\u00e4nde der Einwilligung, der Vertragsabwicklung, der Feststellung, Aus\u00fcbung oder Durchsetzung von Rechtsanspr\u00fcchen, \u00fcberwiegender \u00f6ffentlicher Interessen, der ver\u00f6ffentlichten Personendaten oder weil es zum Schutz der Unversehrtheit der betroffenen Personen n\u00f6tig ist.<\/p><h6><strong>Dauer der Speicherung der Daten<\/strong><\/h6><p>Soweit nicht anders angegeben, speichern wir Nutzungsdaten oder andere personenbezogenen Daten so lange, wie wir dies zur Einhaltung der geltenden Gesetze als notwendig oder angemessen erachten oder so lange wir es f\u00fcr die Zwecke, f\u00fcr die sie bearbeitet werden, als notwendig erachten. Wir l\u00f6schen deine Daten, sobald diese nicht mehr ben\u00f6tigt werden und auf jeden Fall nach Ablauf der gesetzlich vorgeschriebenen maximalen Aufbewahrungsfrist.<\/p><h6><strong>Datensicherheit<\/strong><\/h6><p>Wir unterhalten aktuelle technische Massnahmen zur Gew\u00e4hrleistung der Datensicherheit, insbesondere zum Schutz deiner personenbezogenen Daten vor Gefahren bei Daten\u00fcbertragungen sowie vor Kenntniserlangung durch Dritte. Diese werden dem aktuellen Stand der Technik entsprechend jeweils angepasst.<\/p><h6><strong>Rechte der betroffenen Person<\/strong><\/h6><p>Dir stehen bei Vorliegen der massgebenden gesetzlichen Voraussetzungen folgende Rechte zu:<\/p><ul><li>das Recht, Auskunft \u00fcber deine bei uns gespeicherten Personendaten zu verlangen;<\/li><li>das Recht, unrichtige oder unvollst\u00e4ndige Personendaten korrigieren zu lassen;<\/li><li>das Recht, die L\u00f6schung oder Anonymisierung deiner Personendaten zu verlangen;<\/li><li>das Recht, die Einschr\u00e4nkung der Bearbeitung deiner Personendaten zu verlangen;<\/li><li>das Recht, bestimmte Personendaten in einem strukturierten, g\u00e4ngigen und maschinenlesbaren Format zu erhalten;<\/li><li>das Recht, eine Einwilligung mit Wirkung f\u00fcr die Zukunft zu widerrufen, soweit eine Bearbeitung auf einer Einwilligung beruht.<\/li><\/ul><p>Bitte beachte aber, dass wir uns vorbehalten, unsererseits die gesetzlich vorgesehenen Einschr\u00e4nkungen geltend zu machen, etwa wenn wir zur Aufbewahrung oder Bearbeitung gewisser Daten verpflichtet sind, daran ein \u00fcberwiegendes Interesse haben (soweit wir uns darauf berufen d\u00fcrfen) oder sie f\u00fcr die Geltendmachung von Anspr\u00fcchen ben\u00f6tigen.<\/p><p>Die Aus\u00fcbung solcher Rechte setzt in der Regel voraus, dass du deine Identit\u00e4t eindeutig nachweist (z.B. durch eine Ausweiskopie, wo deine Identit\u00e4t sonst nicht klar ist bzw. verifiziert werden kann). Zur Geltendmachung deiner Rechte kannst du uns unter der oben angegebenen Adresse kontaktieren.<\/p><p>Jede betroffene Person hat \u00fcberdies das Recht, ihre Anspr\u00fcche gerichtlich durchzusetzen oder bei der zust\u00e4ndigen Datenschutzbeh\u00f6rde eine Beschwerde einzureichen. Die zust\u00e4ndige Datenschutzbeh\u00f6rde der Schweiz ist der Eidgen\u00f6ssische Datenschutz- und \u00d6ffentlichkeitsbeauftragte (http:\/\/www.edoeb.admin.ch).<\/p><h6><strong>\u00c4nderung der Datenschutzerkl\u00e4rung<\/strong><\/h6><p>Wir k\u00f6nnen diese Datenschutzerkl\u00e4rung jederzeit ohne Vorank\u00fcndigung anpassen. Es gilt die jeweils aktuelle, auf unserer Website publizierte Fassung. Soweit die Datenschutzerkl\u00e4rung Teil einer Vereinbarung mit dir ist, werden wir dich im Falle einer Aktualisierung \u00fcber die \u00c4nderung per E-Mail oder auf andere geeignete Weise informieren.<\/p><p>Stand: 27. August 2023<\/p>\t\t\t\t\t\t<\/div>\n\t\t\t\t<\/div>\n\t\t\t\t\t<\/div>\n\t\t<\/div>\n\t\t\t\t\t<\/div>\n\t\t<\/section>\n\t\t\t\t<\/div>\n\t\t","protected":false},"excerpt":{"rendered":"<p>Im Folgenden informieren wir \u00fcber die Erhebung personenbezogener Daten bei Nutzung der Webseite www.arben-baukeramik.ch einschliesslich etwaiger L\u00e4nderversionen und Subdomains (nachfolgend \u201eWebseite\u201c). Identit\u00e4t des Verantwortlichen Arben Baukeramik GmbH, P\u00fcntenweg 2, 8181 H\u00f6ri info@arben-baukeramik.ch Erhebung personenbezogener Daten Bei der bloss informatorischen Nutzung der Webseite, also wenn du dich nicht zur Nutzung der Webseite anmeldest oder uns sonst [&hellip;]<\/p>\n","protected":false},"author":1,"featured_media":0,"parent":0,"menu_order":0,"comment_status":"closed","ping_status":"open","template":"elementor_header_footer","meta":{"footnotes":""},"class_list":["post-3","page","type-page","status-publish","hentry"],"yoast_head":"<!-- This site is optimized with the Yoast SEO plugin v24.0 - https:\/\/yoast.com\/wordpress\/plugins\/seo\/ -->\r\n<title>Datenschutz - Arben Bau Keramik<\/title>\r\n<meta name=\"robots\" content=\"index, follow, max-snippet:-1, max-image-preview:large, max-video-preview:-1\" \/>\r\n<link rel=\"canonical\" href=\"https:\/\/www.arben-baukeramik.ch\/?page_id=3\" \/>\r\n<meta property=\"og:locale\" content=\"en_US\" \/>\r\n<meta property=\"og:type\" content=\"article\" \/>\r\n<meta property=\"og:title\" content=\"Datenschutz - Arben Bau Keramik\" \/>\r\n<meta property=\"og:description\" content=\"Im Folgenden informieren wir \u00fcber die Erhebung personenbezogener Daten bei Nutzung der Webseite www.arben-baukeramik.ch einschliesslich etwaiger L\u00e4nderversionen und Subdomains (nachfolgend \u201eWebseite\u201c). Identit\u00e4t des Verantwortlichen Arben Baukeramik GmbH, P\u00fcntenweg 2, 8181 H\u00f6ri info@arben-baukeramik.ch Erhebung personenbezogener Daten Bei der bloss informatorischen Nutzung der Webseite, also wenn du dich nicht zur Nutzung der Webseite anmeldest oder uns sonst [&hellip;]\" \/>\r\n<meta property=\"og:url\" content=\"https:\/\/www.arben-baukeramik.ch\/?page_id=3\" \/>\r\n<meta property=\"og:site_name\" content=\"Arben Bau Keramik\" \/>\r\n<meta property=\"article:modified_time\" content=\"2024-11-29T09:54:28+00:00\" \/>\r\n<meta name=\"twitter:card\" content=\"summary_large_image\" \/>\r\n<meta name=\"twitter:label1\" content=\"Est. reading time\" \/>\n\t<meta name=\"twitter:data1\" content=\"4 minutes\" \/>\r\n<script type=\"application\/ld+json\" class=\"yoast-schema-graph\">{\"@context\":\"https:\/\/schema.org\",\"@graph\":[{\"@type\":\"WebPage\",\"@id\":\"https:\/\/www.arben-baukeramik.ch\/?page_id=3\",\"url\":\"https:\/\/www.arben-baukeramik.ch\/?page_id=3\",\"name\":\"Datenschutz - Arben Bau Keramik\",\"isPartOf\":{\"@id\":\"https:\/\/www.arben-baukeramik.ch\/#website\"},\"datePublished\":\"2023-11-05T13:16:35+00:00\",\"dateModified\":\"2024-11-29T09:54:28+00:00\",\"breadcrumb\":{\"@id\":\"https:\/\/www.arben-baukeramik.ch\/?page_id=3#breadcrumb\"},\"inLanguage\":\"en-US\",\"potentialAction\":[{\"@type\":\"ReadAction\",\"target\":[\"https:\/\/www.arben-baukeramik.ch\/?page_id=3\"]}]},{\"@type\":\"BreadcrumbList\",\"@id\":\"https:\/\/www.arben-baukeramik.ch\/?page_id=3#breadcrumb\",\"itemListElement\":[{\"@type\":\"ListItem\",\"position\":1,\"name\":\"Home\",\"item\":\"https:\/\/www.arben-baukeramik.ch\/\"},{\"@type\":\"ListItem\",\"position\":2,\"name\":\"Datenschutz\"}]},{\"@type\":\"WebSite\",\"@id\":\"https:\/\/www.arben-baukeramik.ch\/#website\",\"url\":\"https:\/\/www.arben-baukeramik.ch\/\",\"name\":\"Arben Bau Keramik\",\"description\":\"\",\"publisher\":{\"@id\":\"https:\/\/www.arben-baukeramik.ch\/#organization\"},\"potentialAction\":[{\"@type\":\"SearchAction\",\"target\":{\"@type\":\"EntryPoint\",\"urlTemplate\":\"https:\/\/www.arben-baukeramik.ch\/?s={search_term_string}\"},\"query-input\":{\"@type\":\"PropertyValueSpecification\",\"valueRequired\":true,\"valueName\":\"search_term_string\"}}],\"inLanguage\":\"en-US\"},{\"@type\":\"Organization\",\"@id\":\"https:\/\/www.arben-baukeramik.ch\/#organization\",\"name\":\"Arben Bau Keramik\",\"url\":\"https:\/\/www.arben-baukeramik.ch\/\",\"logo\":{\"@type\":\"ImageObject\",\"inLanguage\":\"en-US\",\"@id\":\"https:\/\/www.arben-baukeramik.ch\/#\/schema\/logo\/image\/\",\"url\":\"https:\/\/www.arben-baukeramik.ch\/wp-content\/uploads\/2024\/11\/cropped-15-1-e1732131875313.png\",\"contentUrl\":\"https:\/\/www.arben-baukeramik.ch\/wp-content\/uploads\/2024\/11\/cropped-15-1-e1732131875313.png\",\"width\":512,\"height\":512,\"caption\":\"Arben Bau Keramik\"},\"image\":{\"@id\":\"https:\/\/www.arben-baukeramik.ch\/#\/schema\/logo\/image\/\"}}]}<\/script>\r\n<!-- \/ Yoast SEO plugin. -->","yoast_head_json":{"title":"Datenschutz - Arben Bau Keramik","robots":{"index":"index","follow":"follow","max-snippet":"max-snippet:-1","max-image-preview":"max-image-preview:large","max-video-preview":"max-video-preview:-1"},"canonical":"https:\/\/www.arben-baukeramik.ch\/?page_id=3","og_locale":"en_US","og_type":"article","og_title":"Datenschutz - Arben Bau Keramik","og_description":"Im Folgenden informieren wir \u00fcber die Erhebung personenbezogener Daten bei Nutzung der Webseite www.arben-baukeramik.ch einschliesslich etwaiger L\u00e4nderversionen und Subdomains (nachfolgend \u201eWebseite\u201c). Identit\u00e4t des Verantwortlichen Arben Baukeramik GmbH, P\u00fcntenweg 2, 8181 H\u00f6ri info@arben-baukeramik.ch Erhebung personenbezogener Daten Bei der bloss informatorischen Nutzung der Webseite, also wenn du dich nicht zur Nutzung der Webseite anmeldest oder uns sonst [&hellip;]","og_url":"https:\/\/www.arben-baukeramik.ch\/?page_id=3","og_site_name":"Arben Bau Keramik","article_modified_time":"2024-11-29T09:54:28+00:00","twitter_card":"summary_large_image","twitter_misc":{"Est. reading time":"4 minutes"},"schema":{"@context":"https:\/\/schema.org","@graph":[{"@type":"WebPage","@id":"https:\/\/www.arben-baukeramik.ch\/?page_id=3","url":"https:\/\/www.arben-baukeramik.ch\/?page_id=3","name":"Datenschutz - Arben Bau Keramik","isPartOf":{"@id":"https:\/\/www.arben-baukeramik.ch\/#website"},"datePublished":"2023-11-05T13:16:35+00:00","dateModified":"2024-11-29T09:54:28+00:00","breadcrumb":{"@id":"https:\/\/www.arben-baukeramik.ch\/?page_id=3#breadcrumb"},"inLanguage":"en-US","potentialAction":[{"@type":"ReadAction","target":["https:\/\/www.arben-baukeramik.ch\/?page_id=3"]}]},{"@type":"BreadcrumbList","@id":"https:\/\/www.arben-baukeramik.ch\/?page_id=3#breadcrumb","itemListElement":[{"@type":"ListItem","position":1,"name":"Home","item":"https:\/\/www.arben-baukeramik.ch\/"},{"@type":"ListItem","position":2,"name":"Datenschutz"}]},{"@type":"WebSite","@id":"https:\/\/www.arben-baukeramik.ch\/#website","url":"https:\/\/www.arben-baukeramik.ch\/","name":"Arben Bau Keramik","description":"","publisher":{"@id":"https:\/\/www.arben-baukeramik.ch\/#organization"},"potentialAction":[{"@type":"SearchAction","target":{"@type":"EntryPoint","urlTemplate":"https:\/\/www.arben-baukeramik.ch\/?s={search_term_string}"},"query-input":{"@type":"PropertyValueSpecification","valueRequired":true,"valueName":"search_term_string"}}],"inLanguage":"en-US"},{"@type":"Organization","@id":"https:\/\/www.arben-baukeramik.ch\/#organization","name":"Arben Bau Keramik","url":"https:\/\/www.arben-baukeramik.ch\/","logo":{"@type":"ImageObject","inLanguage":"en-US","@id":"https:\/\/www.arben-baukeramik.ch\/#\/schema\/logo\/image\/","url":"https:\/\/www.arben-baukeramik.ch\/wp-content\/uploads\/2024\/11\/cropped-15-1-e1732131875313.png","contentUrl":"https:\/\/www.arben-baukeramik.ch\/wp-content\/uploads\/2024\/11\/cropped-15-1-e1732131875313.png","width":512,"height":512,"caption":"Arben Bau Keramik"},"image":{"@id":"https:\/\/www.arben-baukeramik.ch\/#\/schema\/logo\/image\/"}}]}},"_links":{"self":[{"href":"https:\/\/www.arben-baukeramik.ch\/index.php?rest_route=\/wp\/v2\/pages\/3","targetHints":{"allow":["GET"]}}],"collection":[{"href":"https:\/\/www.arben-baukeramik.ch\/index.php?rest_route=\/wp\/v2\/pages"}],"about":[{"href":"https:\/\/www.arben-baukeramik.ch\/index.php?rest_route=\/wp\/v2\/types\/page"}],"author":[{"embeddable":true,"href":"https:\/\/www.arben-baukeramik.ch\/index.php?rest_route=\/wp\/v2\/users\/1"}],"replies":[{"embeddable":true,"href":"https:\/\/www.arben-baukeramik.ch\/index.php?rest_route=%2Fwp%2Fv2%2Fcomments&post=3"}],"version-history":[{"count":22,"href":"https:\/\/www.arben-baukeramik.ch\/index.php?rest_route=\/wp\/v2\/pages\/3\/revisions"}],"predecessor-version":[{"id":2693,"href":"https:\/\/www.arben-baukeramik.ch\/index.php?rest_route=\/wp\/v2\/pages\/3\/revisions\/2693"}],"wp:attachment":[{"href":"https:\/\/www.arben-baukeramik.ch\/index.php?rest_route=%2Fwp%2Fv2%2Fmedia&parent=3"}],"curies":[{"name":"wp","href":"https:\/\/api.w.org\/{rel}","templated":true}]}}